{"id":19848,"date":"2026-02-10T09:29:18","date_gmt":"2026-02-10T09:29:18","guid":{"rendered":"https:\/\/meber2026.graphoservice.it\/product\/extra-670-br\/"},"modified":"2026-02-10T09:29:19","modified_gmt":"2026-02-10T09:29:19","slug":"extra-670-br","status":"publish","type":"product","link":"https:\/\/meber2026.graphoservice.it\/fr\/product\/extra-670-br\/","title":{"rendered":"Extra 670\/BR"},"content":{"rendered":"<p><a class=\"button icon btn-block\" href=\"\/extra\" style=\"border-radius: 3px;\" target=\"_blank\">Visiter le site Extra 670\/BR<i class=\"fa fa-chevron-circle-right\">\u00a0<\/i> <\/a><br \/>\n\u00a0<\/p>\n<p style=\"\">EXTRA est la chaise portoir Me.Ber. avec un dispositif \u00e0 chenilles monte-escalier. Enti\u00e8rement r\u00e9alis\u00e9e avec des alliages d\u2019aluminium sp\u00e9ciaux a\u00e9ronautiques. L\u2019inclinaison du dossier, les poign\u00e9es de pr\u00e9hension arri\u00e8re et la configuration particuli\u00e8re des leviers avant assurent une r\u00e9partition parfaite du poids, soulageant les efforts des op\u00e9rateurs. De longs rails \u00e0 haute adh\u00e9rence permettent \u00e0 la chaise d\u2019\u00eatre soutenue sur trois marches, offrant une s\u00e9curit\u00e9 et une maniabilit\u00e9 EXTRA extraordinaires pendant la descente avec le patient assis. Lors du transport sur terrain plat, les roues arri\u00e8re de 200 mm et les roues avant de 125 mm assurent \u00e9galement un confort et une maniabilit\u00e9 \u00e9lev\u00e9s. L\u2019\u00e9quipement avec deux accoudoirs pratiques et une poign\u00e9e arri\u00e8re t\u00e9lescopique recouverte d\u2019une gaine de protection maximise le confort et la maniabilit\u00e9. Le repose-pieds pliant avec verrouillage magn\u00e9tique et des solutions biom\u00e9caniques innovantes, par rapport aux chaises conventionnelles, compl\u00e8tent les caract\u00e9ristiques de cet article de sauvetage. La version avec frein sur les roues arri\u00e8re est \u00e9galement disponible, qui peut \u00eatre achet\u00e9e en option.\u00a0<\/p>\n<p><strong>CON\u00c7UE POUR UNE \u00c9VACUATION S\u00c9CURIS\u00c9E EN PR\u00c9SENCE D\u2019ESCALIERS<\/strong><\/p>\n<p>Les principaux domaines d\u2019utilisation d\u2019une chaise monte-escalier sont g\u00e9n\u00e9ralement les services ordinaires ou secondaires, par exemple, les services de transport dans lesquels le patient est pris en charge, ou ramen\u00e9 \u00e0 son domicile ou dans un \u00e9tablissement hospitalier, o\u00f9 il peut ne pas y avoir d\u2019ascenseur. Extra est quelque chose de plus. En effet, elle a \u00e9t\u00e9 pens\u00e9e et con\u00e7ue pour offrir un soutien maximal m\u00eame lors des op\u00e9rations d\u2019\u00e9vacuation rapide dans les services d\u2019urgence. Elle se confirme donc comme un alli\u00e9 valable pour mieux faire face \u00e0 tout type de situation, des op\u00e9rations ordinaires \u00e0 celles en conditions critiques.<\/p>\n<p><strong><img decoding=\"async\" alt=\"\" src=\"\/adm\/Images\/contents\/10G Logo 2019_def.png\" style=\"width: 80px; height: 74px;\" \/><\/strong><\/p>\n<p>\u00a0<\/p>\n<p style=\"\"><strong><span style=\"\">Appareil certifi\u00e9 selon les normes harmonis\u00e9es UNI EN 1865 &#8211; UNI EN 1789.<\/span><\/strong><\/p>\n<p><strong>CHAISE MONTE-ESCALIER Meber EXTRA- ESCALIER EN PIED D\u2019OIE\u00a0\u00a0<\/strong><\/p>\n<p><iframe referrerpolicy=\"strict-origin-when-cross-origin\" loading=\"lazy\" allow=\"accelerometer; autoplay; encrypted-media; gyroscope; picture-in-picture\" allowfullscreen=\"\" frameborder=\"0\" height=\"315\" src=\"https:\/\/www.youtube.com\/embed\/coJE0zsCtj4?origin=https%3A%2F%2Fmeber2026.graphoservice.it%2Ffr%2F\" width=\"360\"><\/iframe><\/p>\n<p><strong>CHAISE MONTE-ESCALIER MEBER EXTRA- ESCALIER EN COLIMA\u00c7ON\u00a0<\/strong><\/p>\n<p><iframe referrerpolicy=\"strict-origin-when-cross-origin\" loading=\"lazy\" allow=\"accelerometer; autoplay; encrypted-media; gyroscope; picture-in-picture\" allowfullscreen=\"\" frameborder=\"0\" height=\"315\" src=\"https:\/\/www.youtube.com\/embed\/NVCMZ-L4axc?origin=https%3A%2F%2Fmeber2026.graphoservice.it%2Ffr%2F\" width=\"360\"><\/iframe><\/p>\n","protected":false},"excerpt":{"rendered":"<p>Visiter le site Extra 670\/BR\u00a0 \u00a0 EXTRA est la chaise portoir Me.Ber. avec un dispositif \u00e0 chenilles monte-escalier. Enti\u00e8rement r\u00e9alis\u00e9e avec des alliages d\u2019aluminium sp\u00e9ciaux a\u00e9ronautiques. L\u2019inclinaison du dossier, les poign\u00e9es de pr\u00e9hension arri\u00e8re et la configuration particuli\u00e8re des leviers avant assurent une r\u00e9partition parfaite du poids, soulageant les efforts des op\u00e9rateurs. De longs rails [&hellip;]<\/p>\n","protected":false},"author":1,"featured_media":16887,"parent":0,"menu_order":30000100,"template":"","meta":{"_acf_changed":false,"footnotes":""},"application-tag":[65,80],"class_list":["post-19848","product","type-product","status-publish","has-post-thumbnail","hentry","application-tag-certifie-10g","application-tag-chaises-devacuation"],"acf":[],"dsm_author":{"name":"admeb26","avatar_url":"https:\/\/meber2026.graphoservice.it\/wp-content\/plugins\/ultimate-member\/assets\/img\/default_avatar.jpg","archive_link":"https:\/\/meber2026.graphoservice.it\/fr\/author\/admeb26\/","biodata":""},"dsm_categories":[],"dsm_attachment_categories":[],"dsm_featured_image":{"thumbnail":"https:\/\/meber2026.graphoservice.it\/wp-content\/uploads\/2026\/02\/Extra_maniglione_chiuso-150x150.jpg","medium":"https:\/\/meber2026.graphoservice.it\/wp-content\/uploads\/2026\/02\/Extra_maniglione_chiuso-278x300.jpg","medium_large":"https:\/\/meber2026.graphoservice.it\/wp-content\/uploads\/2026\/02\/Extra_maniglione_chiuso.jpg","large":"https:\/\/meber2026.graphoservice.it\/wp-content\/uploads\/2026\/02\/Extra_maniglione_chiuso.jpg","1536x1536":"https:\/\/meber2026.graphoservice.it\/wp-content\/uploads\/2026\/02\/Extra_maniglione_chiuso.jpg","2048x2048":"https:\/\/meber2026.graphoservice.it\/wp-content\/uploads\/2026\/02\/Extra_maniglione_chiuso.jpg","et-pb-post-main-image":"https:\/\/meber2026.graphoservice.it\/wp-content\/uploads\/2026\/02\/Extra_maniglione_chiuso-400x250.jpg","et-pb-post-main-image-fullwidth":"https:\/\/meber2026.graphoservice.it\/wp-content\/uploads\/2026\/02\/Extra_maniglione_chiuso-722x675.jpg","et-pb-portfolio-image":"https:\/\/meber2026.graphoservice.it\/wp-content\/uploads\/2026\/02\/Extra_maniglione_chiuso-400x284.jpg","et-pb-portfolio-module-image":"https:\/\/meber2026.graphoservice.it\/wp-content\/uploads\/2026\/02\/Extra_maniglione_chiuso-510x382.jpg","et-pb-portfolio-image-single":"https:\/\/meber2026.graphoservice.it\/wp-content\/uploads\/2026\/02\/Extra_maniglione_chiuso.jpg","et-pb-gallery-module-image-portrait":"https:\/\/meber2026.graphoservice.it\/wp-content\/uploads\/2026\/02\/Extra_maniglione_chiuso-400x516.jpg","et-pb-post-main-image-fullwidth-large":"https:\/\/meber2026.graphoservice.it\/wp-content\/uploads\/2026\/02\/Extra_maniglione_chiuso.jpg","et-pb-image--responsive--desktop":"https:\/\/meber2026.graphoservice.it\/wp-content\/uploads\/2026\/02\/Extra_maniglione_chiuso.jpg","et-pb-image--responsive--tablet":"https:\/\/meber2026.graphoservice.it\/wp-content\/uploads\/2026\/02\/Extra_maniglione_chiuso.jpg","et-pb-image--responsive--phone":"https:\/\/meber2026.graphoservice.it\/wp-content\/uploads\/2026\/02\/Extra_maniglione_chiuso-480x519.jpg","full":"https:\/\/meber2026.graphoservice.it\/wp-content\/uploads\/2026\/02\/Extra_maniglione_chiuso.jpg"},"yoast_head":"<!-- This site is optimized with the Yoast SEO plugin v27.4 - https:\/\/yoast.com\/product\/yoast-seo-wordpress\/ -->\n<title>Chaise monte-escalier Extra 670\/BR<\/title>\n<meta name=\"description\" content=\"Chaise portoir monte-escalier assist\u00e9e avec dispositif \u00e0 chenilles et accoudoirs. S\u00e9curit\u00e9 maximale pour les op\u00e9rateurs et les patients.\" \/>\n<meta name=\"robots\" content=\"noindex, follow, max-snippet:-1, max-image-preview:large, max-video-preview:-1\" \/>\n<meta property=\"og:locale\" content=\"fr_FR\" \/>\n<meta property=\"og:type\" content=\"article\" \/>\n<meta property=\"og:title\" content=\"Chaise monte-escalier Extra 670\/BR\" \/>\n<meta property=\"og:description\" content=\"Chaise portoir monte-escalier assist\u00e9e avec dispositif \u00e0 chenilles et accoudoirs. S\u00e9curit\u00e9 maximale pour les op\u00e9rateurs et les patients.\" \/>\n<meta property=\"og:url\" content=\"https:\/\/meber2026.graphoservice.it\/fr\/product\/extra-670-br\/\" \/>\n<meta property=\"og:site_name\" content=\"Me.Ber.\" \/>\n<meta property=\"article:modified_time\" content=\"2026-02-10T09:29:19+00:00\" \/>\n<meta name=\"twitter:card\" content=\"summary_large_image\" \/>\n<meta name=\"twitter:label1\" content=\"Dur\u00e9e de lecture estim\u00e9e\" \/>\n\t<meta name=\"twitter:data1\" content=\"2 minutes\" \/>\n<script type=\"application\/ld+json\" class=\"yoast-schema-graph\">{\"@context\":\"https:\\\/\\\/schema.org\",\"@graph\":[{\"@type\":\"WebPage\",\"@id\":\"https:\\\/\\\/meber2026.graphoservice.it\\\/fr\\\/product\\\/extra-670-br\\\/\",\"url\":\"https:\\\/\\\/meber2026.graphoservice.it\\\/fr\\\/product\\\/extra-670-br\\\/\",\"name\":\"Chaise monte-escalier Extra 670\\\/BR\",\"isPartOf\":{\"@id\":\"https:\\\/\\\/meber2026.graphoservice.it\\\/fr\\\/#website\"},\"primaryImageOfPage\":{\"@id\":\"https:\\\/\\\/meber2026.graphoservice.it\\\/fr\\\/product\\\/extra-670-br\\\/#primaryimage\"},\"image\":{\"@id\":\"https:\\\/\\\/meber2026.graphoservice.it\\\/fr\\\/product\\\/extra-670-br\\\/#primaryimage\"},\"thumbnailUrl\":\"https:\\\/\\\/meber2026.graphoservice.it\\\/wp-content\\\/uploads\\\/2026\\\/02\\\/Extra_maniglione_chiuso.jpg\",\"datePublished\":\"2026-02-10T09:29:18+00:00\",\"dateModified\":\"2026-02-10T09:29:19+00:00\",\"description\":\"Chaise portoir monte-escalier assist\u00e9e avec dispositif \u00e0 chenilles et accoudoirs. S\u00e9curit\u00e9 maximale pour les op\u00e9rateurs et les patients.\",\"breadcrumb\":{\"@id\":\"https:\\\/\\\/meber2026.graphoservice.it\\\/fr\\\/product\\\/extra-670-br\\\/#breadcrumb\"},\"inLanguage\":\"fr-FR\",\"potentialAction\":[{\"@type\":\"ReadAction\",\"target\":[\"https:\\\/\\\/meber2026.graphoservice.it\\\/fr\\\/product\\\/extra-670-br\\\/\"]}]},{\"@type\":\"ImageObject\",\"inLanguage\":\"fr-FR\",\"@id\":\"https:\\\/\\\/meber2026.graphoservice.it\\\/fr\\\/product\\\/extra-670-br\\\/#primaryimage\",\"url\":\"https:\\\/\\\/meber2026.graphoservice.it\\\/wp-content\\\/uploads\\\/2026\\\/02\\\/Extra_maniglione_chiuso.jpg\",\"contentUrl\":\"https:\\\/\\\/meber2026.graphoservice.it\\\/wp-content\\\/uploads\\\/2026\\\/02\\\/Extra_maniglione_chiuso.jpg\",\"width\":722,\"height\":780},{\"@type\":\"BreadcrumbList\",\"@id\":\"https:\\\/\\\/meber2026.graphoservice.it\\\/fr\\\/product\\\/extra-670-br\\\/#breadcrumb\",\"itemListElement\":[{\"@type\":\"ListItem\",\"position\":1,\"name\":\"Home\",\"item\":\"https:\\\/\\\/meber2026.graphoservice.it\\\/fr\\\/\"},{\"@type\":\"ListItem\",\"position\":2,\"name\":\"Extra 670\\\/BR\"}]},{\"@type\":\"WebSite\",\"@id\":\"https:\\\/\\\/meber2026.graphoservice.it\\\/fr\\\/#website\",\"url\":\"https:\\\/\\\/meber2026.graphoservice.it\\\/fr\\\/\",\"name\":\"Me.Ber.\",\"description\":\"In Case of Emergerncy\",\"potentialAction\":[{\"@type\":\"SearchAction\",\"target\":{\"@type\":\"EntryPoint\",\"urlTemplate\":\"https:\\\/\\\/meber2026.graphoservice.it\\\/fr\\\/?s={search_term_string}\"},\"query-input\":{\"@type\":\"PropertyValueSpecification\",\"valueRequired\":true,\"valueName\":\"search_term_string\"}}],\"inLanguage\":\"fr-FR\"}]}<\/script>\n<!-- \/ Yoast SEO plugin. -->","yoast_head_json":{"title":"Chaise monte-escalier Extra 670\/BR","description":"Chaise portoir monte-escalier assist\u00e9e avec dispositif \u00e0 chenilles et accoudoirs. S\u00e9curit\u00e9 maximale pour les op\u00e9rateurs et les patients.","robots":{"index":"noindex","follow":"follow","max-snippet":"max-snippet:-1","max-image-preview":"max-image-preview:large","max-video-preview":"max-video-preview:-1"},"og_locale":"fr_FR","og_type":"article","og_title":"Chaise monte-escalier Extra 670\/BR","og_description":"Chaise portoir monte-escalier assist\u00e9e avec dispositif \u00e0 chenilles et accoudoirs. S\u00e9curit\u00e9 maximale pour les op\u00e9rateurs et les patients.","og_url":"https:\/\/meber2026.graphoservice.it\/fr\/product\/extra-670-br\/","og_site_name":"Me.Ber.","article_modified_time":"2026-02-10T09:29:19+00:00","twitter_card":"summary_large_image","twitter_misc":{"Dur\u00e9e de lecture estim\u00e9e":"2 minutes"},"schema":{"@context":"https:\/\/schema.org","@graph":[{"@type":"WebPage","@id":"https:\/\/meber2026.graphoservice.it\/fr\/product\/extra-670-br\/","url":"https:\/\/meber2026.graphoservice.it\/fr\/product\/extra-670-br\/","name":"Chaise monte-escalier Extra 670\/BR","isPartOf":{"@id":"https:\/\/meber2026.graphoservice.it\/fr\/#website"},"primaryImageOfPage":{"@id":"https:\/\/meber2026.graphoservice.it\/fr\/product\/extra-670-br\/#primaryimage"},"image":{"@id":"https:\/\/meber2026.graphoservice.it\/fr\/product\/extra-670-br\/#primaryimage"},"thumbnailUrl":"https:\/\/meber2026.graphoservice.it\/wp-content\/uploads\/2026\/02\/Extra_maniglione_chiuso.jpg","datePublished":"2026-02-10T09:29:18+00:00","dateModified":"2026-02-10T09:29:19+00:00","description":"Chaise portoir monte-escalier assist\u00e9e avec dispositif \u00e0 chenilles et accoudoirs. S\u00e9curit\u00e9 maximale pour les op\u00e9rateurs et les patients.","breadcrumb":{"@id":"https:\/\/meber2026.graphoservice.it\/fr\/product\/extra-670-br\/#breadcrumb"},"inLanguage":"fr-FR","potentialAction":[{"@type":"ReadAction","target":["https:\/\/meber2026.graphoservice.it\/fr\/product\/extra-670-br\/"]}]},{"@type":"ImageObject","inLanguage":"fr-FR","@id":"https:\/\/meber2026.graphoservice.it\/fr\/product\/extra-670-br\/#primaryimage","url":"https:\/\/meber2026.graphoservice.it\/wp-content\/uploads\/2026\/02\/Extra_maniglione_chiuso.jpg","contentUrl":"https:\/\/meber2026.graphoservice.it\/wp-content\/uploads\/2026\/02\/Extra_maniglione_chiuso.jpg","width":722,"height":780},{"@type":"BreadcrumbList","@id":"https:\/\/meber2026.graphoservice.it\/fr\/product\/extra-670-br\/#breadcrumb","itemListElement":[{"@type":"ListItem","position":1,"name":"Home","item":"https:\/\/meber2026.graphoservice.it\/fr\/"},{"@type":"ListItem","position":2,"name":"Extra 670\/BR"}]},{"@type":"WebSite","@id":"https:\/\/meber2026.graphoservice.it\/fr\/#website","url":"https:\/\/meber2026.graphoservice.it\/fr\/","name":"Me.Ber.","description":"In Case of Emergerncy","potentialAction":[{"@type":"SearchAction","target":{"@type":"EntryPoint","urlTemplate":"https:\/\/meber2026.graphoservice.it\/fr\/?s={search_term_string}"},"query-input":{"@type":"PropertyValueSpecification","valueRequired":true,"valueName":"search_term_string"}}],"inLanguage":"fr-FR"}]}},"_links":{"self":[{"href":"https:\/\/meber2026.graphoservice.it\/fr\/wp-json\/wp\/v2\/product\/19848","targetHints":{"allow":["GET"]}}],"collection":[{"href":"https:\/\/meber2026.graphoservice.it\/fr\/wp-json\/wp\/v2\/product"}],"about":[{"href":"https:\/\/meber2026.graphoservice.it\/fr\/wp-json\/wp\/v2\/types\/product"}],"author":[{"embeddable":true,"href":"https:\/\/meber2026.graphoservice.it\/fr\/wp-json\/wp\/v2\/users\/1"}],"version-history":[{"count":0,"href":"https:\/\/meber2026.graphoservice.it\/fr\/wp-json\/wp\/v2\/product\/19848\/revisions"}],"wp:featuredmedia":[{"embeddable":true,"href":"https:\/\/meber2026.graphoservice.it\/fr\/wp-json\/wp\/v2\/media\/16887"}],"wp:attachment":[{"href":"https:\/\/meber2026.graphoservice.it\/fr\/wp-json\/wp\/v2\/media?parent=19848"}],"wp:term":[{"taxonomy":"application-tag","embeddable":true,"href":"https:\/\/meber2026.graphoservice.it\/fr\/wp-json\/wp\/v2\/application-tag?post=19848"}],"curies":[{"name":"wp","href":"https:\/\/api.w.org\/{rel}","templated":true}]}}