{"id":19533,"date":"2026-02-10T09:28:38","date_gmt":"2026-02-10T09:28:38","guid":{"rendered":"https:\/\/meber2026.graphoservice.it\/product\/16150-001\/"},"modified":"2026-04-28T16:22:21","modified_gmt":"2026-04-28T16:22:21","slug":"16150-001","status":"publish","type":"product","link":"https:\/\/meber2026.graphoservice.it\/fr\/product\/16150-001\/","title":{"rendered":"16150-001"},"content":{"rendered":"<p>Con\u00e7u pour permettre le transport du brancard jusqu\u2019au bloc op\u00e9ratoire, le sac du kit Ergon permet une utilisation en toute s\u00e9curit\u00e9 m\u00eame dans les situations les plus hostiles. Il est \u00e9quip\u00e9 de 4 bretelles pour une prise s\u00fbre sur une \u00e9paule. \u00c0 l\u2019int\u00e9rieur, le brancard est d\u00e9montable et tous ses accessoires peuvent \u00eatre log\u00e9s, le tout dans des dimensions extr\u00eamement compactes. Au centre, un anneau d\u2019\u00e9lingue certifi\u00e9 EN566 permet toutes les op\u00e9rations avec le treuil. <strong>cm 124x32x16<\/strong><\/p>\n","protected":false},"excerpt":{"rendered":"<p>Con\u00e7u pour permettre le transport du brancard jusqu\u2019au bloc op\u00e9ratoire, le sac du kit Ergon permet une utilisation en toute s\u00e9curit\u00e9 m\u00eame dans les situations les plus hostiles. Il est \u00e9quip\u00e9 de 4 bretelles pour une prise s\u00fbre sur une \u00e9paule. \u00c0 l\u2019int\u00e9rieur, le brancard est d\u00e9montable et tous ses accessoires peuvent \u00eatre log\u00e9s, le [&hellip;]<\/p>\n","protected":false},"author":1,"featured_media":16392,"parent":0,"menu_order":40005300,"template":"","meta":{"_acf_changed":false,"footnotes":""},"application-tag":[92],"class_list":["post-19533","product","type-product","status-publish","has-post-thumbnail","hentry","application-tag-accessoires"],"acf":[],"dsm_author":{"name":"admeb26","avatar_url":"https:\/\/meber2026.graphoservice.it\/wp-content\/plugins\/ultimate-member\/assets\/img\/default_avatar.jpg","archive_link":"https:\/\/meber2026.graphoservice.it\/fr\/author\/admeb26\/","biodata":""},"dsm_categories":[],"dsm_attachment_categories":[],"dsm_featured_image":{"thumbnail":"https:\/\/meber2026.graphoservice.it\/wp-content\/uploads\/2026\/02\/16150-001_sacca-grande_angolo-150x150.jpg","medium":"https:\/\/meber2026.graphoservice.it\/wp-content\/uploads\/2026\/02\/16150-001_sacca-grande_angolo-300x225.jpg","medium_large":"https:\/\/meber2026.graphoservice.it\/wp-content\/uploads\/2026\/02\/16150-001_sacca-grande_angolo-768x577.jpg","large":"https:\/\/meber2026.graphoservice.it\/wp-content\/uploads\/2026\/02\/16150-001_sacca-grande_angolo.jpg","1536x1536":"https:\/\/meber2026.graphoservice.it\/wp-content\/uploads\/2026\/02\/16150-001_sacca-grande_angolo.jpg","2048x2048":"https:\/\/meber2026.graphoservice.it\/wp-content\/uploads\/2026\/02\/16150-001_sacca-grande_angolo.jpg","et-pb-post-main-image":"https:\/\/meber2026.graphoservice.it\/wp-content\/uploads\/2026\/02\/16150-001_sacca-grande_angolo-400x250.jpg","et-pb-post-main-image-fullwidth":"https:\/\/meber2026.graphoservice.it\/wp-content\/uploads\/2026\/02\/16150-001_sacca-grande_angolo.jpg","et-pb-portfolio-image":"https:\/\/meber2026.graphoservice.it\/wp-content\/uploads\/2026\/02\/16150-001_sacca-grande_angolo-400x284.jpg","et-pb-portfolio-module-image":"https:\/\/meber2026.graphoservice.it\/wp-content\/uploads\/2026\/02\/16150-001_sacca-grande_angolo-510x382.jpg","et-pb-portfolio-image-single":"https:\/\/meber2026.graphoservice.it\/wp-content\/uploads\/2026\/02\/16150-001_sacca-grande_angolo.jpg","et-pb-gallery-module-image-portrait":"https:\/\/meber2026.graphoservice.it\/wp-content\/uploads\/2026\/02\/16150-001_sacca-grande_angolo-400x516.jpg","et-pb-post-main-image-fullwidth-large":"https:\/\/meber2026.graphoservice.it\/wp-content\/uploads\/2026\/02\/16150-001_sacca-grande_angolo.jpg","et-pb-image--responsive--desktop":"https:\/\/meber2026.graphoservice.it\/wp-content\/uploads\/2026\/02\/16150-001_sacca-grande_angolo.jpg","et-pb-image--responsive--tablet":"https:\/\/meber2026.graphoservice.it\/wp-content\/uploads\/2026\/02\/16150-001_sacca-grande_angolo.jpg","et-pb-image--responsive--phone":"https:\/\/meber2026.graphoservice.it\/wp-content\/uploads\/2026\/02\/16150-001_sacca-grande_angolo-480x361.jpg","full":"https:\/\/meber2026.graphoservice.it\/wp-content\/uploads\/2026\/02\/16150-001_sacca-grande_angolo.jpg"},"yoast_head":"<!-- This site is optimized with the Yoast SEO plugin v27.4 - https:\/\/yoast.com\/product\/yoast-seo-wordpress\/ -->\n<title>16150-001<\/title>\n<meta name=\"description\" content=\"Le brancard Ergon est \u00e9quip\u00e9 d\u2019un sac renforc\u00e9 pour le transport, qui lui permet d\u2019\u00eatre utilis\u00e9 en toute s\u00e9curit\u00e9 m\u00eame dans les situations les plus hostiles.\" \/>\n<meta name=\"robots\" content=\"noindex, follow, max-snippet:-1, max-image-preview:large, max-video-preview:-1\" \/>\n<meta property=\"og:locale\" content=\"fr_FR\" \/>\n<meta property=\"og:type\" content=\"article\" \/>\n<meta property=\"og:title\" content=\"16150-001\" \/>\n<meta property=\"og:description\" content=\"Le brancard Ergon est \u00e9quip\u00e9 d\u2019un sac renforc\u00e9 pour le transport, qui lui permet d\u2019\u00eatre utilis\u00e9 en toute s\u00e9curit\u00e9 m\u00eame dans les situations les plus hostiles.\" \/>\n<meta property=\"og:url\" content=\"https:\/\/meber2026.graphoservice.it\/fr\/product\/16150-001\/\" \/>\n<meta property=\"og:site_name\" content=\"Me.Ber.\" \/>\n<meta property=\"article:modified_time\" content=\"2026-04-28T16:22:21+00:00\" \/>\n<meta property=\"og:image\" content=\"https:\/\/meber2026.graphoservice.it\/wp-content\/uploads\/2026\/02\/16150-001_sacca-grande_angolo.jpg\" \/>\n\t<meta property=\"og:image:width\" content=\"780\" \/>\n\t<meta property=\"og:image:height\" content=\"586\" \/>\n\t<meta property=\"og:image:type\" content=\"image\/jpeg\" \/>\n<meta name=\"twitter:card\" content=\"summary_large_image\" \/>\n<script type=\"application\/ld+json\" class=\"yoast-schema-graph\">{\"@context\":\"https:\\\/\\\/schema.org\",\"@graph\":[{\"@type\":\"WebPage\",\"@id\":\"https:\\\/\\\/meber2026.graphoservice.it\\\/fr\\\/product\\\/16150-001\\\/\",\"url\":\"https:\\\/\\\/meber2026.graphoservice.it\\\/fr\\\/product\\\/16150-001\\\/\",\"name\":\"16150-001\",\"isPartOf\":{\"@id\":\"https:\\\/\\\/meber2026.graphoservice.it\\\/fr\\\/#website\"},\"primaryImageOfPage\":{\"@id\":\"https:\\\/\\\/meber2026.graphoservice.it\\\/fr\\\/product\\\/16150-001\\\/#primaryimage\"},\"image\":{\"@id\":\"https:\\\/\\\/meber2026.graphoservice.it\\\/fr\\\/product\\\/16150-001\\\/#primaryimage\"},\"thumbnailUrl\":\"https:\\\/\\\/meber2026.graphoservice.it\\\/wp-content\\\/uploads\\\/2026\\\/02\\\/16150-001_sacca-grande_angolo.jpg\",\"datePublished\":\"2026-02-10T09:28:38+00:00\",\"dateModified\":\"2026-04-28T16:22:21+00:00\",\"description\":\"Le brancard Ergon est \u00e9quip\u00e9 d\u2019un sac renforc\u00e9 pour le transport, qui lui permet d\u2019\u00eatre utilis\u00e9 en toute s\u00e9curit\u00e9 m\u00eame dans les situations les plus hostiles.\",\"breadcrumb\":{\"@id\":\"https:\\\/\\\/meber2026.graphoservice.it\\\/fr\\\/product\\\/16150-001\\\/#breadcrumb\"},\"inLanguage\":\"fr-FR\",\"potentialAction\":[{\"@type\":\"ReadAction\",\"target\":[\"https:\\\/\\\/meber2026.graphoservice.it\\\/fr\\\/product\\\/16150-001\\\/\"]}]},{\"@type\":\"ImageObject\",\"inLanguage\":\"fr-FR\",\"@id\":\"https:\\\/\\\/meber2026.graphoservice.it\\\/fr\\\/product\\\/16150-001\\\/#primaryimage\",\"url\":\"https:\\\/\\\/meber2026.graphoservice.it\\\/wp-content\\\/uploads\\\/2026\\\/02\\\/16150-001_sacca-grande_angolo.jpg\",\"contentUrl\":\"https:\\\/\\\/meber2026.graphoservice.it\\\/wp-content\\\/uploads\\\/2026\\\/02\\\/16150-001_sacca-grande_angolo.jpg\",\"width\":780,\"height\":586},{\"@type\":\"BreadcrumbList\",\"@id\":\"https:\\\/\\\/meber2026.graphoservice.it\\\/fr\\\/product\\\/16150-001\\\/#breadcrumb\",\"itemListElement\":[{\"@type\":\"ListItem\",\"position\":1,\"name\":\"Home\",\"item\":\"https:\\\/\\\/meber2026.graphoservice.it\\\/fr\\\/\"},{\"@type\":\"ListItem\",\"position\":2,\"name\":\"16150-001\"}]},{\"@type\":\"WebSite\",\"@id\":\"https:\\\/\\\/meber2026.graphoservice.it\\\/fr\\\/#website\",\"url\":\"https:\\\/\\\/meber2026.graphoservice.it\\\/fr\\\/\",\"name\":\"Me.Ber.\",\"description\":\"In Case of Emergerncy\",\"potentialAction\":[{\"@type\":\"SearchAction\",\"target\":{\"@type\":\"EntryPoint\",\"urlTemplate\":\"https:\\\/\\\/meber2026.graphoservice.it\\\/fr\\\/?s={search_term_string}\"},\"query-input\":{\"@type\":\"PropertyValueSpecification\",\"valueRequired\":true,\"valueName\":\"search_term_string\"}}],\"inLanguage\":\"fr-FR\"}]}<\/script>\n<!-- \/ Yoast SEO plugin. -->","yoast_head_json":{"title":"16150-001","description":"Le brancard Ergon est \u00e9quip\u00e9 d\u2019un sac renforc\u00e9 pour le transport, qui lui permet d\u2019\u00eatre utilis\u00e9 en toute s\u00e9curit\u00e9 m\u00eame dans les situations les plus hostiles.","robots":{"index":"noindex","follow":"follow","max-snippet":"max-snippet:-1","max-image-preview":"max-image-preview:large","max-video-preview":"max-video-preview:-1"},"og_locale":"fr_FR","og_type":"article","og_title":"16150-001","og_description":"Le brancard Ergon est \u00e9quip\u00e9 d\u2019un sac renforc\u00e9 pour le transport, qui lui permet d\u2019\u00eatre utilis\u00e9 en toute s\u00e9curit\u00e9 m\u00eame dans les situations les plus hostiles.","og_url":"https:\/\/meber2026.graphoservice.it\/fr\/product\/16150-001\/","og_site_name":"Me.Ber.","article_modified_time":"2026-04-28T16:22:21+00:00","og_image":[{"width":780,"height":586,"url":"https:\/\/meber2026.graphoservice.it\/wp-content\/uploads\/2026\/02\/16150-001_sacca-grande_angolo.jpg","type":"image\/jpeg"}],"twitter_card":"summary_large_image","schema":{"@context":"https:\/\/schema.org","@graph":[{"@type":"WebPage","@id":"https:\/\/meber2026.graphoservice.it\/fr\/product\/16150-001\/","url":"https:\/\/meber2026.graphoservice.it\/fr\/product\/16150-001\/","name":"16150-001","isPartOf":{"@id":"https:\/\/meber2026.graphoservice.it\/fr\/#website"},"primaryImageOfPage":{"@id":"https:\/\/meber2026.graphoservice.it\/fr\/product\/16150-001\/#primaryimage"},"image":{"@id":"https:\/\/meber2026.graphoservice.it\/fr\/product\/16150-001\/#primaryimage"},"thumbnailUrl":"https:\/\/meber2026.graphoservice.it\/wp-content\/uploads\/2026\/02\/16150-001_sacca-grande_angolo.jpg","datePublished":"2026-02-10T09:28:38+00:00","dateModified":"2026-04-28T16:22:21+00:00","description":"Le brancard Ergon est \u00e9quip\u00e9 d\u2019un sac renforc\u00e9 pour le transport, qui lui permet d\u2019\u00eatre utilis\u00e9 en toute s\u00e9curit\u00e9 m\u00eame dans les situations les plus hostiles.","breadcrumb":{"@id":"https:\/\/meber2026.graphoservice.it\/fr\/product\/16150-001\/#breadcrumb"},"inLanguage":"fr-FR","potentialAction":[{"@type":"ReadAction","target":["https:\/\/meber2026.graphoservice.it\/fr\/product\/16150-001\/"]}]},{"@type":"ImageObject","inLanguage":"fr-FR","@id":"https:\/\/meber2026.graphoservice.it\/fr\/product\/16150-001\/#primaryimage","url":"https:\/\/meber2026.graphoservice.it\/wp-content\/uploads\/2026\/02\/16150-001_sacca-grande_angolo.jpg","contentUrl":"https:\/\/meber2026.graphoservice.it\/wp-content\/uploads\/2026\/02\/16150-001_sacca-grande_angolo.jpg","width":780,"height":586},{"@type":"BreadcrumbList","@id":"https:\/\/meber2026.graphoservice.it\/fr\/product\/16150-001\/#breadcrumb","itemListElement":[{"@type":"ListItem","position":1,"name":"Home","item":"https:\/\/meber2026.graphoservice.it\/fr\/"},{"@type":"ListItem","position":2,"name":"16150-001"}]},{"@type":"WebSite","@id":"https:\/\/meber2026.graphoservice.it\/fr\/#website","url":"https:\/\/meber2026.graphoservice.it\/fr\/","name":"Me.Ber.","description":"In Case of Emergerncy","potentialAction":[{"@type":"SearchAction","target":{"@type":"EntryPoint","urlTemplate":"https:\/\/meber2026.graphoservice.it\/fr\/?s={search_term_string}"},"query-input":{"@type":"PropertyValueSpecification","valueRequired":true,"valueName":"search_term_string"}}],"inLanguage":"fr-FR"}]}},"_links":{"self":[{"href":"https:\/\/meber2026.graphoservice.it\/fr\/wp-json\/wp\/v2\/product\/19533","targetHints":{"allow":["GET"]}}],"collection":[{"href":"https:\/\/meber2026.graphoservice.it\/fr\/wp-json\/wp\/v2\/product"}],"about":[{"href":"https:\/\/meber2026.graphoservice.it\/fr\/wp-json\/wp\/v2\/types\/product"}],"author":[{"embeddable":true,"href":"https:\/\/meber2026.graphoservice.it\/fr\/wp-json\/wp\/v2\/users\/1"}],"version-history":[{"count":1,"href":"https:\/\/meber2026.graphoservice.it\/fr\/wp-json\/wp\/v2\/product\/19533\/revisions"}],"predecessor-version":[{"id":31503,"href":"https:\/\/meber2026.graphoservice.it\/fr\/wp-json\/wp\/v2\/product\/19533\/revisions\/31503"}],"wp:featuredmedia":[{"embeddable":true,"href":"https:\/\/meber2026.graphoservice.it\/fr\/wp-json\/wp\/v2\/media\/16392"}],"wp:attachment":[{"href":"https:\/\/meber2026.graphoservice.it\/fr\/wp-json\/wp\/v2\/media?parent=19533"}],"wp:term":[{"taxonomy":"application-tag","embeddable":true,"href":"https:\/\/meber2026.graphoservice.it\/fr\/wp-json\/wp\/v2\/application-tag?post=19533"}],"curies":[{"name":"wp","href":"https:\/\/api.w.org\/{rel}","templated":true}]}}