{"id":17743,"date":"2026-02-10T09:24:56","date_gmt":"2026-02-10T09:24:56","guid":{"rendered":"https:\/\/meber2026.graphoservice.it\/product\/maxima-630-a\/"},"modified":"2026-04-28T15:50:31","modified_gmt":"2026-04-28T15:50:31","slug":"maxima-630-a","status":"publish","type":"product","link":"https:\/\/meber2026.graphoservice.it\/fr\/product\/maxima-630-a\/","title":{"rendered":"Maxima 630\/A"},"content":{"rendered":"<p style=\"\">Nouvelle gamme de brancards cuill\u00e8res en aluminium color\u00e9. La peinture sp\u00e9ciale rend la coloration de ces brancards particuli\u00e8rement r\u00e9sistante qui, en termes de caract\u00e9ristiques et de fonctionnalit\u00e9, correspond au brancard cuill\u00e8re traditionnel art. 630. Les diff\u00e9rentes couleurs peuvent \u00e9galement \u00eatre utilis\u00e9es pour distinguer la propri\u00e9t\u00e9 des brancards cuill\u00e8res dans le m\u00eame quartier auquel ils appartiennent..<\/p>\n<p style=\"\">\u00a0<img loading=\"lazy\" decoding=\"async\" alt=\"\" height=\"88\" src=\"https:\/\/www.meber.it\/adm\/Images\/contents\/10G Logo 2019_def.png\" width=\"80\" \/><\/p>\n<p style=\"\"><strong>Dispositif certifi\u00e9 selon les normes de s\u00e9curit\u00e9 harmonis\u00e9es UNI EN 1865 \u2013 UNI EN 1789<\/strong><br \/> \u00a0<\/p>\n<ul>\n<li>Dispositif efficace d\u2019accrochage et de d\u00e9crochage pour diviser le brancard.<\/li>\n<li>Longueur r\u00e9glable avec verrouillage automatique..<\/li>\n<li>Sac avec 3 ceintures \u00e0 d\u00e9gagement rapide pour l\u2019immobilisation du patient.\u00a0<span style=\"\">(603\/MEB)<\/span>.<\/li>\n<li>Rangement facile dans l\u2019ambulance en position repli\u00e9e..<\/li>\n<li>Enti\u00e8rement construit en aluminium robuste et l\u00e9ger..<\/li>\n<li>L\u2019\u00e9tui pour brancard (Art. 630\/CS) est disponible sur demande..<\/li>\n<\/ul>\n","protected":false},"excerpt":{"rendered":"<p>Nouvelle gamme de brancards cuill\u00e8res en aluminium color\u00e9. La peinture sp\u00e9ciale rend la coloration de ces brancards particuli\u00e8rement r\u00e9sistante qui, en termes de caract\u00e9ristiques et de fonctionnalit\u00e9, correspond au brancard cuill\u00e8re traditionnel art. 630. Les diff\u00e9rentes couleurs peuvent \u00e9galement \u00eatre utilis\u00e9es pour distinguer la propri\u00e9t\u00e9 des brancards cuill\u00e8res dans le m\u00eame quartier auquel ils appartiennent.. [&hellip;]<\/p>\n","protected":false},"author":1,"featured_media":13594,"parent":0,"menu_order":10000600,"template":"","meta":{"_acf_changed":false,"footnotes":""},"application-tag":[71,65],"class_list":["post-17743","product","type-product","status-publish","has-post-thumbnail","hentry","application-tag-brancards","application-tag-certifie-10g"],"acf":[],"dsm_author":{"name":"admeb26","avatar_url":"https:\/\/meber2026.graphoservice.it\/wp-content\/plugins\/ultimate-member\/assets\/img\/default_avatar.jpg","archive_link":"https:\/\/meber2026.graphoservice.it\/fr\/author\/admeb26\/","biodata":""},"dsm_categories":[],"dsm_attachment_categories":[],"dsm_featured_image":{"thumbnail":"https:\/\/meber2026.graphoservice.it\/wp-content\/uploads\/2026\/02\/Barella_a_cucchiaio_MeBer-150x150.jpg","medium":"https:\/\/meber2026.graphoservice.it\/wp-content\/uploads\/2026\/02\/Barella_a_cucchiaio_MeBer-300x218.jpg","medium_large":"https:\/\/meber2026.graphoservice.it\/wp-content\/uploads\/2026\/02\/Barella_a_cucchiaio_MeBer-768x559.jpg","large":"https:\/\/meber2026.graphoservice.it\/wp-content\/uploads\/2026\/02\/Barella_a_cucchiaio_MeBer.jpg","1536x1536":"https:\/\/meber2026.graphoservice.it\/wp-content\/uploads\/2026\/02\/Barella_a_cucchiaio_MeBer.jpg","2048x2048":"https:\/\/meber2026.graphoservice.it\/wp-content\/uploads\/2026\/02\/Barella_a_cucchiaio_MeBer.jpg","et-pb-post-main-image":"https:\/\/meber2026.graphoservice.it\/wp-content\/uploads\/2026\/02\/Barella_a_cucchiaio_MeBer-400x250.jpg","et-pb-post-main-image-fullwidth":"https:\/\/meber2026.graphoservice.it\/wp-content\/uploads\/2026\/02\/Barella_a_cucchiaio_MeBer.jpg","et-pb-portfolio-image":"https:\/\/meber2026.graphoservice.it\/wp-content\/uploads\/2026\/02\/Barella_a_cucchiaio_MeBer-400x284.jpg","et-pb-portfolio-module-image":"https:\/\/meber2026.graphoservice.it\/wp-content\/uploads\/2026\/02\/Barella_a_cucchiaio_MeBer-510x382.jpg","et-pb-portfolio-image-single":"https:\/\/meber2026.graphoservice.it\/wp-content\/uploads\/2026\/02\/Barella_a_cucchiaio_MeBer.jpg","et-pb-gallery-module-image-portrait":"https:\/\/meber2026.graphoservice.it\/wp-content\/uploads\/2026\/02\/Barella_a_cucchiaio_MeBer-400x516.jpg","et-pb-post-main-image-fullwidth-large":"https:\/\/meber2026.graphoservice.it\/wp-content\/uploads\/2026\/02\/Barella_a_cucchiaio_MeBer.jpg","et-pb-image--responsive--desktop":"https:\/\/meber2026.graphoservice.it\/wp-content\/uploads\/2026\/02\/Barella_a_cucchiaio_MeBer.jpg","et-pb-image--responsive--tablet":"https:\/\/meber2026.graphoservice.it\/wp-content\/uploads\/2026\/02\/Barella_a_cucchiaio_MeBer.jpg","et-pb-image--responsive--phone":"https:\/\/meber2026.graphoservice.it\/wp-content\/uploads\/2026\/02\/Barella_a_cucchiaio_MeBer-480x350.jpg","full":"https:\/\/meber2026.graphoservice.it\/wp-content\/uploads\/2026\/02\/Barella_a_cucchiaio_MeBer.jpg"},"yoast_head":"<!-- This site is optimized with the Yoast SEO plugin v27.4 - https:\/\/yoast.com\/product\/yoast-seo-wordpress\/ -->\n<title>Brancard cuill\u00e8re Maxima 630\/A<\/title>\n<meta name=\"description\" content=\"Les brancards Maxima peints sont tous certifi\u00e9s selon les normes europ\u00e9ennes, et conservent les m\u00eames caract\u00e9ristiques que le brancard cuill\u00e8re atraumatique normal.\" \/>\n<meta name=\"robots\" content=\"noindex, follow, max-snippet:-1, max-image-preview:large, max-video-preview:-1\" \/>\n<meta property=\"og:locale\" content=\"fr_FR\" \/>\n<meta property=\"og:type\" content=\"article\" \/>\n<meta property=\"og:title\" content=\"Brancard cuill\u00e8re Maxima 630\/A\" \/>\n<meta property=\"og:description\" content=\"Les brancards Maxima peints sont tous certifi\u00e9s selon les normes europ\u00e9ennes, et conservent les m\u00eames caract\u00e9ristiques que le brancard cuill\u00e8re atraumatique normal.\" \/>\n<meta property=\"og:url\" content=\"https:\/\/meber2026.graphoservice.it\/fr\/product\/maxima-630-a\/\" \/>\n<meta property=\"og:site_name\" content=\"Me.Ber.\" \/>\n<meta property=\"article:modified_time\" content=\"2026-04-28T15:50:31+00:00\" \/>\n<meta property=\"og:image\" content=\"https:\/\/meber2026.graphoservice.it\/wp-content\/uploads\/2026\/02\/Barella_a_cucchiaio_MeBer.jpg\" \/>\n\t<meta property=\"og:image:width\" content=\"780\" \/>\n\t<meta property=\"og:image:height\" content=\"568\" \/>\n\t<meta property=\"og:image:type\" content=\"image\/jpeg\" \/>\n<meta name=\"twitter:card\" content=\"summary_large_image\" \/>\n<meta name=\"twitter:label1\" content=\"Dur\u00e9e de lecture estim\u00e9e\" \/>\n\t<meta name=\"twitter:data1\" content=\"1 minute\" \/>\n<script type=\"application\/ld+json\" class=\"yoast-schema-graph\">{\"@context\":\"https:\\\/\\\/schema.org\",\"@graph\":[{\"@type\":\"WebPage\",\"@id\":\"https:\\\/\\\/meber2026.graphoservice.it\\\/fr\\\/product\\\/maxima-630-a\\\/\",\"url\":\"https:\\\/\\\/meber2026.graphoservice.it\\\/fr\\\/product\\\/maxima-630-a\\\/\",\"name\":\"Brancard cuill\u00e8re Maxima 630\\\/A\",\"isPartOf\":{\"@id\":\"https:\\\/\\\/meber2026.graphoservice.it\\\/fr\\\/#website\"},\"primaryImageOfPage\":{\"@id\":\"https:\\\/\\\/meber2026.graphoservice.it\\\/fr\\\/product\\\/maxima-630-a\\\/#primaryimage\"},\"image\":{\"@id\":\"https:\\\/\\\/meber2026.graphoservice.it\\\/fr\\\/product\\\/maxima-630-a\\\/#primaryimage\"},\"thumbnailUrl\":\"https:\\\/\\\/meber2026.graphoservice.it\\\/wp-content\\\/uploads\\\/2026\\\/02\\\/Barella_a_cucchiaio_MeBer.jpg\",\"datePublished\":\"2026-02-10T09:24:56+00:00\",\"dateModified\":\"2026-04-28T15:50:31+00:00\",\"description\":\"Les brancards Maxima peints sont tous certifi\u00e9s selon les normes europ\u00e9ennes, et conservent les m\u00eames caract\u00e9ristiques que le brancard cuill\u00e8re atraumatique normal.\",\"breadcrumb\":{\"@id\":\"https:\\\/\\\/meber2026.graphoservice.it\\\/fr\\\/product\\\/maxima-630-a\\\/#breadcrumb\"},\"inLanguage\":\"fr-FR\",\"potentialAction\":[{\"@type\":\"ReadAction\",\"target\":[\"https:\\\/\\\/meber2026.graphoservice.it\\\/fr\\\/product\\\/maxima-630-a\\\/\"]}]},{\"@type\":\"ImageObject\",\"inLanguage\":\"fr-FR\",\"@id\":\"https:\\\/\\\/meber2026.graphoservice.it\\\/fr\\\/product\\\/maxima-630-a\\\/#primaryimage\",\"url\":\"https:\\\/\\\/meber2026.graphoservice.it\\\/wp-content\\\/uploads\\\/2026\\\/02\\\/Barella_a_cucchiaio_MeBer.jpg\",\"contentUrl\":\"https:\\\/\\\/meber2026.graphoservice.it\\\/wp-content\\\/uploads\\\/2026\\\/02\\\/Barella_a_cucchiaio_MeBer.jpg\",\"width\":780,\"height\":568},{\"@type\":\"BreadcrumbList\",\"@id\":\"https:\\\/\\\/meber2026.graphoservice.it\\\/fr\\\/product\\\/maxima-630-a\\\/#breadcrumb\",\"itemListElement\":[{\"@type\":\"ListItem\",\"position\":1,\"name\":\"Home\",\"item\":\"https:\\\/\\\/meber2026.graphoservice.it\\\/fr\\\/\"},{\"@type\":\"ListItem\",\"position\":2,\"name\":\"Maxima 630\\\/A\"}]},{\"@type\":\"WebSite\",\"@id\":\"https:\\\/\\\/meber2026.graphoservice.it\\\/fr\\\/#website\",\"url\":\"https:\\\/\\\/meber2026.graphoservice.it\\\/fr\\\/\",\"name\":\"Me.Ber.\",\"description\":\"In Case of Emergerncy\",\"potentialAction\":[{\"@type\":\"SearchAction\",\"target\":{\"@type\":\"EntryPoint\",\"urlTemplate\":\"https:\\\/\\\/meber2026.graphoservice.it\\\/fr\\\/?s={search_term_string}\"},\"query-input\":{\"@type\":\"PropertyValueSpecification\",\"valueRequired\":true,\"valueName\":\"search_term_string\"}}],\"inLanguage\":\"fr-FR\"}]}<\/script>\n<!-- \/ Yoast SEO plugin. -->","yoast_head_json":{"title":"Brancard cuill\u00e8re Maxima 630\/A","description":"Les brancards Maxima peints sont tous certifi\u00e9s selon les normes europ\u00e9ennes, et conservent les m\u00eames caract\u00e9ristiques que le brancard cuill\u00e8re atraumatique normal.","robots":{"index":"noindex","follow":"follow","max-snippet":"max-snippet:-1","max-image-preview":"max-image-preview:large","max-video-preview":"max-video-preview:-1"},"og_locale":"fr_FR","og_type":"article","og_title":"Brancard cuill\u00e8re Maxima 630\/A","og_description":"Les brancards Maxima peints sont tous certifi\u00e9s selon les normes europ\u00e9ennes, et conservent les m\u00eames caract\u00e9ristiques que le brancard cuill\u00e8re atraumatique normal.","og_url":"https:\/\/meber2026.graphoservice.it\/fr\/product\/maxima-630-a\/","og_site_name":"Me.Ber.","article_modified_time":"2026-04-28T15:50:31+00:00","og_image":[{"width":780,"height":568,"url":"https:\/\/meber2026.graphoservice.it\/wp-content\/uploads\/2026\/02\/Barella_a_cucchiaio_MeBer.jpg","type":"image\/jpeg"}],"twitter_card":"summary_large_image","twitter_misc":{"Dur\u00e9e de lecture estim\u00e9e":"1 minute"},"schema":{"@context":"https:\/\/schema.org","@graph":[{"@type":"WebPage","@id":"https:\/\/meber2026.graphoservice.it\/fr\/product\/maxima-630-a\/","url":"https:\/\/meber2026.graphoservice.it\/fr\/product\/maxima-630-a\/","name":"Brancard cuill\u00e8re Maxima 630\/A","isPartOf":{"@id":"https:\/\/meber2026.graphoservice.it\/fr\/#website"},"primaryImageOfPage":{"@id":"https:\/\/meber2026.graphoservice.it\/fr\/product\/maxima-630-a\/#primaryimage"},"image":{"@id":"https:\/\/meber2026.graphoservice.it\/fr\/product\/maxima-630-a\/#primaryimage"},"thumbnailUrl":"https:\/\/meber2026.graphoservice.it\/wp-content\/uploads\/2026\/02\/Barella_a_cucchiaio_MeBer.jpg","datePublished":"2026-02-10T09:24:56+00:00","dateModified":"2026-04-28T15:50:31+00:00","description":"Les brancards Maxima peints sont tous certifi\u00e9s selon les normes europ\u00e9ennes, et conservent les m\u00eames caract\u00e9ristiques que le brancard cuill\u00e8re atraumatique normal.","breadcrumb":{"@id":"https:\/\/meber2026.graphoservice.it\/fr\/product\/maxima-630-a\/#breadcrumb"},"inLanguage":"fr-FR","potentialAction":[{"@type":"ReadAction","target":["https:\/\/meber2026.graphoservice.it\/fr\/product\/maxima-630-a\/"]}]},{"@type":"ImageObject","inLanguage":"fr-FR","@id":"https:\/\/meber2026.graphoservice.it\/fr\/product\/maxima-630-a\/#primaryimage","url":"https:\/\/meber2026.graphoservice.it\/wp-content\/uploads\/2026\/02\/Barella_a_cucchiaio_MeBer.jpg","contentUrl":"https:\/\/meber2026.graphoservice.it\/wp-content\/uploads\/2026\/02\/Barella_a_cucchiaio_MeBer.jpg","width":780,"height":568},{"@type":"BreadcrumbList","@id":"https:\/\/meber2026.graphoservice.it\/fr\/product\/maxima-630-a\/#breadcrumb","itemListElement":[{"@type":"ListItem","position":1,"name":"Home","item":"https:\/\/meber2026.graphoservice.it\/fr\/"},{"@type":"ListItem","position":2,"name":"Maxima 630\/A"}]},{"@type":"WebSite","@id":"https:\/\/meber2026.graphoservice.it\/fr\/#website","url":"https:\/\/meber2026.graphoservice.it\/fr\/","name":"Me.Ber.","description":"In Case of Emergerncy","potentialAction":[{"@type":"SearchAction","target":{"@type":"EntryPoint","urlTemplate":"https:\/\/meber2026.graphoservice.it\/fr\/?s={search_term_string}"},"query-input":{"@type":"PropertyValueSpecification","valueRequired":true,"valueName":"search_term_string"}}],"inLanguage":"fr-FR"}]}},"_links":{"self":[{"href":"https:\/\/meber2026.graphoservice.it\/fr\/wp-json\/wp\/v2\/product\/17743","targetHints":{"allow":["GET"]}}],"collection":[{"href":"https:\/\/meber2026.graphoservice.it\/fr\/wp-json\/wp\/v2\/product"}],"about":[{"href":"https:\/\/meber2026.graphoservice.it\/fr\/wp-json\/wp\/v2\/types\/product"}],"author":[{"embeddable":true,"href":"https:\/\/meber2026.graphoservice.it\/fr\/wp-json\/wp\/v2\/users\/1"}],"version-history":[{"count":1,"href":"https:\/\/meber2026.graphoservice.it\/fr\/wp-json\/wp\/v2\/product\/17743\/revisions"}],"predecessor-version":[{"id":29986,"href":"https:\/\/meber2026.graphoservice.it\/fr\/wp-json\/wp\/v2\/product\/17743\/revisions\/29986"}],"wp:featuredmedia":[{"embeddable":true,"href":"https:\/\/meber2026.graphoservice.it\/fr\/wp-json\/wp\/v2\/media\/13594"}],"wp:attachment":[{"href":"https:\/\/meber2026.graphoservice.it\/fr\/wp-json\/wp\/v2\/media?parent=17743"}],"wp:term":[{"taxonomy":"application-tag","embeddable":true,"href":"https:\/\/meber2026.graphoservice.it\/fr\/wp-json\/wp\/v2\/application-tag?post=17743"}],"curies":[{"name":"wp","href":"https:\/\/api.w.org\/{rel}","templated":true}]}}