{"id":17308,"date":"2026-02-10T09:24:23","date_gmt":"2026-02-10T09:24:23","guid":{"rendered":"https:\/\/meber2026.graphoservice.it\/product\/rescuemed-1343\/"},"modified":"2026-04-28T15:43:54","modified_gmt":"2026-04-28T15:43:54","slug":"rescuemed-1343","status":"publish","type":"product","link":"https:\/\/meber2026.graphoservice.it\/fr\/product\/rescuemed-1343\/","title":{"rendered":"Rescuemed 1343"},"content":{"rendered":"<p class=\"MsoNormal\" style=\" margin: 0cm 0cm 0pt\">Fabriqu\u00e9 en tissu rouge ind\u00e9chirable, le sac \u00e0 dos RESCUEMED est id\u00e9al pour les secouristes gr\u00e2ce \u00e0 sa polyvalence et \u00e0 sa robustesse. De grandes poches frontales facilitent la disponibilit\u00e9 du mat\u00e9riel le plus fr\u00e9quemment utilis\u00e9 tandis qu\u2019\u00e0 l\u2019int\u00e9rieur, des sacs de couleur standard, avec et sans poign\u00e9es, permettent une reconnaissance imm\u00e9diate des outils n\u00e9cessaires \u00e0 l\u2019intervention. Deux bandes r\u00e9fl\u00e9chissantes jaunes compl\u00e8tent les caract\u00e9ristiques de ce sac \u00e0 dos de secours. <strong>Dimensions : 37 x 52 x 29 cm (LxHxP).<\/strong><\/p>\n","protected":false},"excerpt":{"rendered":"<p>Fabriqu\u00e9 en tissu rouge ind\u00e9chirable, le sac \u00e0 dos RESCUEMED est id\u00e9al pour les secouristes gr\u00e2ce \u00e0 sa polyvalence et \u00e0 sa robustesse. De grandes poches frontales facilitent la disponibilit\u00e9 du mat\u00e9riel le plus fr\u00e9quemment utilis\u00e9 tandis qu\u2019\u00e0 l\u2019int\u00e9rieur, des sacs de couleur standard, avec et sans poign\u00e9es, permettent une reconnaissance imm\u00e9diate des outils n\u00e9cessaires [&hellip;]<\/p>\n","protected":false},"author":1,"featured_media":12819,"parent":0,"menu_order":80000900,"template":"","meta":{"_acf_changed":false,"footnotes":""},"application-tag":[95],"class_list":["post-17308","product","type-product","status-publish","has-post-thumbnail","hentry","application-tag-materiel-de-premiers-secours"],"acf":[],"dsm_author":{"name":"admeb26","avatar_url":"https:\/\/meber2026.graphoservice.it\/wp-content\/plugins\/ultimate-member\/assets\/img\/default_avatar.jpg","archive_link":"https:\/\/meber2026.graphoservice.it\/fr\/author\/admeb26\/","biodata":""},"dsm_categories":[],"dsm_attachment_categories":[],"dsm_featured_image":{"thumbnail":"https:\/\/meber2026.graphoservice.it\/wp-content\/uploads\/2026\/02\/1343_zaino_meber-150x150.jpg","medium":"https:\/\/meber2026.graphoservice.it\/wp-content\/uploads\/2026\/02\/1343_zaino_meber-284x300.jpg","medium_large":"https:\/\/meber2026.graphoservice.it\/wp-content\/uploads\/2026\/02\/1343_zaino_meber.jpg","large":"https:\/\/meber2026.graphoservice.it\/wp-content\/uploads\/2026\/02\/1343_zaino_meber.jpg","1536x1536":"https:\/\/meber2026.graphoservice.it\/wp-content\/uploads\/2026\/02\/1343_zaino_meber.jpg","2048x2048":"https:\/\/meber2026.graphoservice.it\/wp-content\/uploads\/2026\/02\/1343_zaino_meber.jpg","et-pb-post-main-image":"https:\/\/meber2026.graphoservice.it\/wp-content\/uploads\/2026\/02\/1343_zaino_meber-400x250.jpg","et-pb-post-main-image-fullwidth":"https:\/\/meber2026.graphoservice.it\/wp-content\/uploads\/2026\/02\/1343_zaino_meber-739x675.jpg","et-pb-portfolio-image":"https:\/\/meber2026.graphoservice.it\/wp-content\/uploads\/2026\/02\/1343_zaino_meber-400x284.jpg","et-pb-portfolio-module-image":"https:\/\/meber2026.graphoservice.it\/wp-content\/uploads\/2026\/02\/1343_zaino_meber-510x382.jpg","et-pb-portfolio-image-single":"https:\/\/meber2026.graphoservice.it\/wp-content\/uploads\/2026\/02\/1343_zaino_meber.jpg","et-pb-gallery-module-image-portrait":"https:\/\/meber2026.graphoservice.it\/wp-content\/uploads\/2026\/02\/1343_zaino_meber-400x516.jpg","et-pb-post-main-image-fullwidth-large":"https:\/\/meber2026.graphoservice.it\/wp-content\/uploads\/2026\/02\/1343_zaino_meber.jpg","et-pb-image--responsive--desktop":"https:\/\/meber2026.graphoservice.it\/wp-content\/uploads\/2026\/02\/1343_zaino_meber.jpg","et-pb-image--responsive--tablet":"https:\/\/meber2026.graphoservice.it\/wp-content\/uploads\/2026\/02\/1343_zaino_meber.jpg","et-pb-image--responsive--phone":"https:\/\/meber2026.graphoservice.it\/wp-content\/uploads\/2026\/02\/1343_zaino_meber-480x507.jpg","full":"https:\/\/meber2026.graphoservice.it\/wp-content\/uploads\/2026\/02\/1343_zaino_meber.jpg"},"yoast_head":"<!-- This site is optimized with the Yoast SEO plugin v27.4 - https:\/\/yoast.com\/product\/yoast-seo-wordpress\/ -->\n<title>Rescuemed 1343<\/title>\n<meta name=\"robots\" content=\"noindex, follow, max-snippet:-1, max-image-preview:large, max-video-preview:-1\" \/>\n<meta property=\"og:locale\" content=\"fr_FR\" \/>\n<meta property=\"og:type\" content=\"article\" \/>\n<meta property=\"og:title\" content=\"Rescuemed 1343\" \/>\n<meta property=\"og:description\" content=\"Fabriqu\u00e9 en tissu rouge ind\u00e9chirable, le sac \u00e0 dos RESCUEMED est id\u00e9al pour les secouristes gr\u00e2ce \u00e0 sa polyvalence et \u00e0 sa robustesse. De grandes poches frontales facilitent la disponibilit\u00e9 du mat\u00e9riel le plus fr\u00e9quemment utilis\u00e9 tandis qu\u2019\u00e0 l\u2019int\u00e9rieur, des sacs de couleur standard, avec et sans poign\u00e9es, permettent une reconnaissance imm\u00e9diate des outils n\u00e9cessaires [&hellip;]\" \/>\n<meta property=\"og:url\" content=\"https:\/\/meber2026.graphoservice.it\/fr\/product\/rescuemed-1343\/\" \/>\n<meta property=\"og:site_name\" content=\"Me.Ber.\" \/>\n<meta property=\"article:modified_time\" content=\"2026-04-28T15:43:54+00:00\" \/>\n<meta property=\"og:image\" content=\"https:\/\/meber2026.graphoservice.it\/wp-content\/uploads\/2026\/02\/1343_zaino_meber.jpg\" \/>\n\t<meta property=\"og:image:width\" content=\"739\" \/>\n\t<meta property=\"og:image:height\" content=\"780\" \/>\n\t<meta property=\"og:image:type\" content=\"image\/jpeg\" \/>\n<meta name=\"twitter:card\" content=\"summary_large_image\" \/>\n<script type=\"application\/ld+json\" class=\"yoast-schema-graph\">{\"@context\":\"https:\\\/\\\/schema.org\",\"@graph\":[{\"@type\":\"WebPage\",\"@id\":\"https:\\\/\\\/meber2026.graphoservice.it\\\/fr\\\/product\\\/rescuemed-1343\\\/\",\"url\":\"https:\\\/\\\/meber2026.graphoservice.it\\\/fr\\\/product\\\/rescuemed-1343\\\/\",\"name\":\"Rescuemed 1343\",\"isPartOf\":{\"@id\":\"https:\\\/\\\/meber2026.graphoservice.it\\\/fr\\\/#website\"},\"primaryImageOfPage\":{\"@id\":\"https:\\\/\\\/meber2026.graphoservice.it\\\/fr\\\/product\\\/rescuemed-1343\\\/#primaryimage\"},\"image\":{\"@id\":\"https:\\\/\\\/meber2026.graphoservice.it\\\/fr\\\/product\\\/rescuemed-1343\\\/#primaryimage\"},\"thumbnailUrl\":\"https:\\\/\\\/meber2026.graphoservice.it\\\/wp-content\\\/uploads\\\/2026\\\/02\\\/1343_zaino_meber.jpg\",\"datePublished\":\"2026-02-10T09:24:23+00:00\",\"dateModified\":\"2026-04-28T15:43:54+00:00\",\"breadcrumb\":{\"@id\":\"https:\\\/\\\/meber2026.graphoservice.it\\\/fr\\\/product\\\/rescuemed-1343\\\/#breadcrumb\"},\"inLanguage\":\"fr-FR\",\"potentialAction\":[{\"@type\":\"ReadAction\",\"target\":[\"https:\\\/\\\/meber2026.graphoservice.it\\\/fr\\\/product\\\/rescuemed-1343\\\/\"]}]},{\"@type\":\"ImageObject\",\"inLanguage\":\"fr-FR\",\"@id\":\"https:\\\/\\\/meber2026.graphoservice.it\\\/fr\\\/product\\\/rescuemed-1343\\\/#primaryimage\",\"url\":\"https:\\\/\\\/meber2026.graphoservice.it\\\/wp-content\\\/uploads\\\/2026\\\/02\\\/1343_zaino_meber.jpg\",\"contentUrl\":\"https:\\\/\\\/meber2026.graphoservice.it\\\/wp-content\\\/uploads\\\/2026\\\/02\\\/1343_zaino_meber.jpg\",\"width\":739,\"height\":780},{\"@type\":\"BreadcrumbList\",\"@id\":\"https:\\\/\\\/meber2026.graphoservice.it\\\/fr\\\/product\\\/rescuemed-1343\\\/#breadcrumb\",\"itemListElement\":[{\"@type\":\"ListItem\",\"position\":1,\"name\":\"Home\",\"item\":\"https:\\\/\\\/meber2026.graphoservice.it\\\/fr\\\/\"},{\"@type\":\"ListItem\",\"position\":2,\"name\":\"Rescuemed 1343\"}]},{\"@type\":\"WebSite\",\"@id\":\"https:\\\/\\\/meber2026.graphoservice.it\\\/fr\\\/#website\",\"url\":\"https:\\\/\\\/meber2026.graphoservice.it\\\/fr\\\/\",\"name\":\"Me.Ber.\",\"description\":\"In Case of Emergerncy\",\"potentialAction\":[{\"@type\":\"SearchAction\",\"target\":{\"@type\":\"EntryPoint\",\"urlTemplate\":\"https:\\\/\\\/meber2026.graphoservice.it\\\/fr\\\/?s={search_term_string}\"},\"query-input\":{\"@type\":\"PropertyValueSpecification\",\"valueRequired\":true,\"valueName\":\"search_term_string\"}}],\"inLanguage\":\"fr-FR\"}]}<\/script>\n<!-- \/ Yoast SEO plugin. -->","yoast_head_json":{"title":"Rescuemed 1343","robots":{"index":"noindex","follow":"follow","max-snippet":"max-snippet:-1","max-image-preview":"max-image-preview:large","max-video-preview":"max-video-preview:-1"},"og_locale":"fr_FR","og_type":"article","og_title":"Rescuemed 1343","og_description":"Fabriqu\u00e9 en tissu rouge ind\u00e9chirable, le sac \u00e0 dos RESCUEMED est id\u00e9al pour les secouristes gr\u00e2ce \u00e0 sa polyvalence et \u00e0 sa robustesse. De grandes poches frontales facilitent la disponibilit\u00e9 du mat\u00e9riel le plus fr\u00e9quemment utilis\u00e9 tandis qu\u2019\u00e0 l\u2019int\u00e9rieur, des sacs de couleur standard, avec et sans poign\u00e9es, permettent une reconnaissance imm\u00e9diate des outils n\u00e9cessaires [&hellip;]","og_url":"https:\/\/meber2026.graphoservice.it\/fr\/product\/rescuemed-1343\/","og_site_name":"Me.Ber.","article_modified_time":"2026-04-28T15:43:54+00:00","og_image":[{"width":739,"height":780,"url":"https:\/\/meber2026.graphoservice.it\/wp-content\/uploads\/2026\/02\/1343_zaino_meber.jpg","type":"image\/jpeg"}],"twitter_card":"summary_large_image","schema":{"@context":"https:\/\/schema.org","@graph":[{"@type":"WebPage","@id":"https:\/\/meber2026.graphoservice.it\/fr\/product\/rescuemed-1343\/","url":"https:\/\/meber2026.graphoservice.it\/fr\/product\/rescuemed-1343\/","name":"Rescuemed 1343","isPartOf":{"@id":"https:\/\/meber2026.graphoservice.it\/fr\/#website"},"primaryImageOfPage":{"@id":"https:\/\/meber2026.graphoservice.it\/fr\/product\/rescuemed-1343\/#primaryimage"},"image":{"@id":"https:\/\/meber2026.graphoservice.it\/fr\/product\/rescuemed-1343\/#primaryimage"},"thumbnailUrl":"https:\/\/meber2026.graphoservice.it\/wp-content\/uploads\/2026\/02\/1343_zaino_meber.jpg","datePublished":"2026-02-10T09:24:23+00:00","dateModified":"2026-04-28T15:43:54+00:00","breadcrumb":{"@id":"https:\/\/meber2026.graphoservice.it\/fr\/product\/rescuemed-1343\/#breadcrumb"},"inLanguage":"fr-FR","potentialAction":[{"@type":"ReadAction","target":["https:\/\/meber2026.graphoservice.it\/fr\/product\/rescuemed-1343\/"]}]},{"@type":"ImageObject","inLanguage":"fr-FR","@id":"https:\/\/meber2026.graphoservice.it\/fr\/product\/rescuemed-1343\/#primaryimage","url":"https:\/\/meber2026.graphoservice.it\/wp-content\/uploads\/2026\/02\/1343_zaino_meber.jpg","contentUrl":"https:\/\/meber2026.graphoservice.it\/wp-content\/uploads\/2026\/02\/1343_zaino_meber.jpg","width":739,"height":780},{"@type":"BreadcrumbList","@id":"https:\/\/meber2026.graphoservice.it\/fr\/product\/rescuemed-1343\/#breadcrumb","itemListElement":[{"@type":"ListItem","position":1,"name":"Home","item":"https:\/\/meber2026.graphoservice.it\/fr\/"},{"@type":"ListItem","position":2,"name":"Rescuemed 1343"}]},{"@type":"WebSite","@id":"https:\/\/meber2026.graphoservice.it\/fr\/#website","url":"https:\/\/meber2026.graphoservice.it\/fr\/","name":"Me.Ber.","description":"In Case of Emergerncy","potentialAction":[{"@type":"SearchAction","target":{"@type":"EntryPoint","urlTemplate":"https:\/\/meber2026.graphoservice.it\/fr\/?s={search_term_string}"},"query-input":{"@type":"PropertyValueSpecification","valueRequired":true,"valueName":"search_term_string"}}],"inLanguage":"fr-FR"}]}},"_links":{"self":[{"href":"https:\/\/meber2026.graphoservice.it\/fr\/wp-json\/wp\/v2\/product\/17308","targetHints":{"allow":["GET"]}}],"collection":[{"href":"https:\/\/meber2026.graphoservice.it\/fr\/wp-json\/wp\/v2\/product"}],"about":[{"href":"https:\/\/meber2026.graphoservice.it\/fr\/wp-json\/wp\/v2\/types\/product"}],"author":[{"embeddable":true,"href":"https:\/\/meber2026.graphoservice.it\/fr\/wp-json\/wp\/v2\/users\/1"}],"version-history":[{"count":1,"href":"https:\/\/meber2026.graphoservice.it\/fr\/wp-json\/wp\/v2\/product\/17308\/revisions"}],"predecessor-version":[{"id":29637,"href":"https:\/\/meber2026.graphoservice.it\/fr\/wp-json\/wp\/v2\/product\/17308\/revisions\/29637"}],"wp:featuredmedia":[{"embeddable":true,"href":"https:\/\/meber2026.graphoservice.it\/fr\/wp-json\/wp\/v2\/media\/12819"}],"wp:attachment":[{"href":"https:\/\/meber2026.graphoservice.it\/fr\/wp-json\/wp\/v2\/media?parent=17308"}],"wp:term":[{"taxonomy":"application-tag","embeddable":true,"href":"https:\/\/meber2026.graphoservice.it\/fr\/wp-json\/wp\/v2\/application-tag?post=17308"}],"curies":[{"name":"wp","href":"https:\/\/api.w.org\/{rel}","templated":true}]}}