{"id":19110,"date":"2026-02-10T09:27:50","date_gmt":"2026-02-10T09:27:50","guid":{"rendered":"https:\/\/meber2026.graphoservice.it\/product\/mbs-01-7270\/"},"modified":"2026-02-10T09:27:51","modified_gmt":"2026-02-10T09:27:51","slug":"mbs-01-7270","status":"publish","type":"product","link":"https:\/\/meber2026.graphoservice.it\/es\/product\/mbs-01-7270\/","title":{"rendered":"MBS-01 7270"},"content":{"rendered":"<p>Camilla de carga autom\u00e1tica especialmente dise\u00f1ada para el transporte de pacientes bari\u00e1tricos, fabricada en aleaci\u00f3n especial de acero inoxidable de alta resistencia. Estructura reforzada para garantizar una capacidad de carga de 350 kg, aumentado en comparaci\u00f3n con las otras camillas de carga autom\u00e1tica de la gama MeBer, equipada con 2 ruedas delanteras de \u00d8125&#215;25 mm y 2 ruedas traseras de \u00d8100&#215;25 mm para una m\u00e1xima seguridad durante la carga y descarga desde el veh\u00edculo de rescate. Las 4 ruedas de gran tama\u00f1o \u00d8200 mm, 2 fijas con freno y 2 autocentrantes giratorias, brindan al paciente un alto grado de confort. La plataforma r\u00edgida fabricada en aluminio hace que este dispositivo sea f\u00e1cil de limpiar y desinfectar. Adem\u00e1s, est\u00e1 equipada con un respaldo reclinable de 0\u00b0 a 80\u00b0 accionado por un resorte de gas que se puede bloquear en cualquier posici\u00f3n y con rieles laterales plegables. Patas verticales protegidas por parachoques de pl\u00e1stico.\u00a0Incluye colchoneta (art. 7013)y cinturones (n. 2 art. 608-A\/MEB o 608-N\/MEB y n. 1 art. 612\/AN-2\/MEB o art. 612\/N-2\/MEB).<br \/>\nSu mayor capacidad de carga hace ideal el uso de esta camilla en combinaci\u00f3n con la plataforma bari\u00e1trica MBP (Art. 12080).<\/p>\n","protected":false},"excerpt":{"rendered":"<p>Camilla de carga autom\u00e1tica especialmente dise\u00f1ada para el transporte de pacientes bari\u00e1tricos, fabricada en aleaci\u00f3n especial de acero inoxidable de alta resistencia. Estructura reforzada para garantizar una capacidad de carga de 350 kg, aumentado en comparaci\u00f3n con las otras camillas de carga autom\u00e1tica de la gama MeBer, equipada con 2 ruedas delanteras de \u00d8125&#215;25 mm [&hellip;]<\/p>\n","protected":false},"author":1,"featured_media":15758,"parent":0,"menu_order":20003000,"template":"","meta":{"_acf_changed":false,"footnotes":""},"application-tag":[],"class_list":["post-19110","product","type-product","status-publish","has-post-thumbnail","hentry"],"acf":[],"dsm_author":{"name":"admeb26","avatar_url":"https:\/\/meber2026.graphoservice.it\/wp-content\/plugins\/ultimate-member\/assets\/img\/default_avatar.jpg","archive_link":"https:\/\/meber2026.graphoservice.it\/es\/author\/admeb26\/","biodata":""},"dsm_categories":[],"dsm_attachment_categories":[],"dsm_featured_image":{"thumbnail":"https:\/\/meber2026.graphoservice.it\/wp-content\/uploads\/2026\/02\/MBS-01_barella_obesi-150x150.jpg","medium":"https:\/\/meber2026.graphoservice.it\/wp-content\/uploads\/2026\/02\/MBS-01_barella_obesi-300x287.jpg","medium_large":"https:\/\/meber2026.graphoservice.it\/wp-content\/uploads\/2026\/02\/MBS-01_barella_obesi-768x736.jpg","large":"https:\/\/meber2026.graphoservice.it\/wp-content\/uploads\/2026\/02\/MBS-01_barella_obesi.jpg","1536x1536":"https:\/\/meber2026.graphoservice.it\/wp-content\/uploads\/2026\/02\/MBS-01_barella_obesi.jpg","2048x2048":"https:\/\/meber2026.graphoservice.it\/wp-content\/uploads\/2026\/02\/MBS-01_barella_obesi.jpg","et-pb-post-main-image":"https:\/\/meber2026.graphoservice.it\/wp-content\/uploads\/2026\/02\/MBS-01_barella_obesi-400x250.jpg","et-pb-post-main-image-fullwidth":"https:\/\/meber2026.graphoservice.it\/wp-content\/uploads\/2026\/02\/MBS-01_barella_obesi-780x675.jpg","et-pb-portfolio-image":"https:\/\/meber2026.graphoservice.it\/wp-content\/uploads\/2026\/02\/MBS-01_barella_obesi-400x284.jpg","et-pb-portfolio-module-image":"https:\/\/meber2026.graphoservice.it\/wp-content\/uploads\/2026\/02\/MBS-01_barella_obesi-510x382.jpg","et-pb-portfolio-image-single":"https:\/\/meber2026.graphoservice.it\/wp-content\/uploads\/2026\/02\/MBS-01_barella_obesi.jpg","et-pb-gallery-module-image-portrait":"https:\/\/meber2026.graphoservice.it\/wp-content\/uploads\/2026\/02\/MBS-01_barella_obesi-400x516.jpg","et-pb-post-main-image-fullwidth-large":"https:\/\/meber2026.graphoservice.it\/wp-content\/uploads\/2026\/02\/MBS-01_barella_obesi.jpg","et-pb-image--responsive--desktop":"https:\/\/meber2026.graphoservice.it\/wp-content\/uploads\/2026\/02\/MBS-01_barella_obesi.jpg","et-pb-image--responsive--tablet":"https:\/\/meber2026.graphoservice.it\/wp-content\/uploads\/2026\/02\/MBS-01_barella_obesi.jpg","et-pb-image--responsive--phone":"https:\/\/meber2026.graphoservice.it\/wp-content\/uploads\/2026\/02\/MBS-01_barella_obesi-480x460.jpg","full":"https:\/\/meber2026.graphoservice.it\/wp-content\/uploads\/2026\/02\/MBS-01_barella_obesi.jpg"},"yoast_head":"<!-- This site is optimized with the Yoast SEO plugin v27.4 - https:\/\/yoast.com\/product\/yoast-seo-wordpress\/ -->\n<title>Camilla bari\u00e1trica MBS-01<\/title>\n<meta name=\"description\" content=\"Camilla de carga autom\u00e1tica para transporte bari\u00e1trico, fabricada en aleaci\u00f3n especial de acero inoxidable de alta resistencia. Estructura reforzada para garantizar una capacidad de carga de 350 kg.\" \/>\n<meta name=\"robots\" content=\"noindex, follow, max-snippet:-1, max-image-preview:large, max-video-preview:-1\" \/>\n<meta property=\"og:locale\" content=\"es_ES\" \/>\n<meta property=\"og:type\" content=\"article\" \/>\n<meta property=\"og:title\" content=\"Camilla bari\u00e1trica MBS-01\" \/>\n<meta property=\"og:description\" content=\"Camilla de carga autom\u00e1tica para transporte bari\u00e1trico, fabricada en aleaci\u00f3n especial de acero inoxidable de alta resistencia. Estructura reforzada para garantizar una capacidad de carga de 350 kg.\" \/>\n<meta property=\"og:url\" content=\"https:\/\/meber2026.graphoservice.it\/es\/product\/mbs-01-7270\/\" \/>\n<meta property=\"og:site_name\" content=\"Me.Ber.\" \/>\n<meta property=\"article:modified_time\" content=\"2026-02-10T09:27:51+00:00\" \/>\n<meta name=\"twitter:card\" content=\"summary_large_image\" \/>\n<meta name=\"twitter:label1\" content=\"Tiempo de lectura\" \/>\n\t<meta name=\"twitter:data1\" content=\"1 minuto\" \/>\n<script type=\"application\/ld+json\" class=\"yoast-schema-graph\">{\"@context\":\"https:\\\/\\\/schema.org\",\"@graph\":[{\"@type\":\"WebPage\",\"@id\":\"https:\\\/\\\/meber2026.graphoservice.it\\\/es\\\/product\\\/mbs-01-7270\\\/\",\"url\":\"https:\\\/\\\/meber2026.graphoservice.it\\\/es\\\/product\\\/mbs-01-7270\\\/\",\"name\":\"Camilla bari\u00e1trica MBS-01\",\"isPartOf\":{\"@id\":\"https:\\\/\\\/meber2026.graphoservice.it\\\/es\\\/#website\"},\"primaryImageOfPage\":{\"@id\":\"https:\\\/\\\/meber2026.graphoservice.it\\\/es\\\/product\\\/mbs-01-7270\\\/#primaryimage\"},\"image\":{\"@id\":\"https:\\\/\\\/meber2026.graphoservice.it\\\/es\\\/product\\\/mbs-01-7270\\\/#primaryimage\"},\"thumbnailUrl\":\"https:\\\/\\\/meber2026.graphoservice.it\\\/wp-content\\\/uploads\\\/2026\\\/02\\\/MBS-01_barella_obesi.jpg\",\"datePublished\":\"2026-02-10T09:27:50+00:00\",\"dateModified\":\"2026-02-10T09:27:51+00:00\",\"description\":\"Camilla de carga autom\u00e1tica para transporte bari\u00e1trico, fabricada en aleaci\u00f3n especial de acero inoxidable de alta resistencia. Estructura reforzada para garantizar una capacidad de carga de 350 kg.\",\"breadcrumb\":{\"@id\":\"https:\\\/\\\/meber2026.graphoservice.it\\\/es\\\/product\\\/mbs-01-7270\\\/#breadcrumb\"},\"inLanguage\":\"es\",\"potentialAction\":[{\"@type\":\"ReadAction\",\"target\":[\"https:\\\/\\\/meber2026.graphoservice.it\\\/es\\\/product\\\/mbs-01-7270\\\/\"]}]},{\"@type\":\"ImageObject\",\"inLanguage\":\"es\",\"@id\":\"https:\\\/\\\/meber2026.graphoservice.it\\\/es\\\/product\\\/mbs-01-7270\\\/#primaryimage\",\"url\":\"https:\\\/\\\/meber2026.graphoservice.it\\\/wp-content\\\/uploads\\\/2026\\\/02\\\/MBS-01_barella_obesi.jpg\",\"contentUrl\":\"https:\\\/\\\/meber2026.graphoservice.it\\\/wp-content\\\/uploads\\\/2026\\\/02\\\/MBS-01_barella_obesi.jpg\",\"width\":780,\"height\":747},{\"@type\":\"BreadcrumbList\",\"@id\":\"https:\\\/\\\/meber2026.graphoservice.it\\\/es\\\/product\\\/mbs-01-7270\\\/#breadcrumb\",\"itemListElement\":[{\"@type\":\"ListItem\",\"position\":1,\"name\":\"Home\",\"item\":\"https:\\\/\\\/meber2026.graphoservice.it\\\/es\\\/\"},{\"@type\":\"ListItem\",\"position\":2,\"name\":\"MBS-01 7270\"}]},{\"@type\":\"WebSite\",\"@id\":\"https:\\\/\\\/meber2026.graphoservice.it\\\/es\\\/#website\",\"url\":\"https:\\\/\\\/meber2026.graphoservice.it\\\/es\\\/\",\"name\":\"Me.Ber.\",\"description\":\"In Case of Emergerncy\",\"potentialAction\":[{\"@type\":\"SearchAction\",\"target\":{\"@type\":\"EntryPoint\",\"urlTemplate\":\"https:\\\/\\\/meber2026.graphoservice.it\\\/es\\\/?s={search_term_string}\"},\"query-input\":{\"@type\":\"PropertyValueSpecification\",\"valueRequired\":true,\"valueName\":\"search_term_string\"}}],\"inLanguage\":\"es\"}]}<\/script>\n<!-- \/ Yoast SEO plugin. -->","yoast_head_json":{"title":"Camilla bari\u00e1trica MBS-01","description":"Camilla de carga autom\u00e1tica para transporte bari\u00e1trico, fabricada en aleaci\u00f3n especial de acero inoxidable de alta resistencia. Estructura reforzada para garantizar una capacidad de carga de 350 kg.","robots":{"index":"noindex","follow":"follow","max-snippet":"max-snippet:-1","max-image-preview":"max-image-preview:large","max-video-preview":"max-video-preview:-1"},"og_locale":"es_ES","og_type":"article","og_title":"Camilla bari\u00e1trica MBS-01","og_description":"Camilla de carga autom\u00e1tica para transporte bari\u00e1trico, fabricada en aleaci\u00f3n especial de acero inoxidable de alta resistencia. Estructura reforzada para garantizar una capacidad de carga de 350 kg.","og_url":"https:\/\/meber2026.graphoservice.it\/es\/product\/mbs-01-7270\/","og_site_name":"Me.Ber.","article_modified_time":"2026-02-10T09:27:51+00:00","twitter_card":"summary_large_image","twitter_misc":{"Tiempo de lectura":"1 minuto"},"schema":{"@context":"https:\/\/schema.org","@graph":[{"@type":"WebPage","@id":"https:\/\/meber2026.graphoservice.it\/es\/product\/mbs-01-7270\/","url":"https:\/\/meber2026.graphoservice.it\/es\/product\/mbs-01-7270\/","name":"Camilla bari\u00e1trica MBS-01","isPartOf":{"@id":"https:\/\/meber2026.graphoservice.it\/es\/#website"},"primaryImageOfPage":{"@id":"https:\/\/meber2026.graphoservice.it\/es\/product\/mbs-01-7270\/#primaryimage"},"image":{"@id":"https:\/\/meber2026.graphoservice.it\/es\/product\/mbs-01-7270\/#primaryimage"},"thumbnailUrl":"https:\/\/meber2026.graphoservice.it\/wp-content\/uploads\/2026\/02\/MBS-01_barella_obesi.jpg","datePublished":"2026-02-10T09:27:50+00:00","dateModified":"2026-02-10T09:27:51+00:00","description":"Camilla de carga autom\u00e1tica para transporte bari\u00e1trico, fabricada en aleaci\u00f3n especial de acero inoxidable de alta resistencia. Estructura reforzada para garantizar una capacidad de carga de 350 kg.","breadcrumb":{"@id":"https:\/\/meber2026.graphoservice.it\/es\/product\/mbs-01-7270\/#breadcrumb"},"inLanguage":"es","potentialAction":[{"@type":"ReadAction","target":["https:\/\/meber2026.graphoservice.it\/es\/product\/mbs-01-7270\/"]}]},{"@type":"ImageObject","inLanguage":"es","@id":"https:\/\/meber2026.graphoservice.it\/es\/product\/mbs-01-7270\/#primaryimage","url":"https:\/\/meber2026.graphoservice.it\/wp-content\/uploads\/2026\/02\/MBS-01_barella_obesi.jpg","contentUrl":"https:\/\/meber2026.graphoservice.it\/wp-content\/uploads\/2026\/02\/MBS-01_barella_obesi.jpg","width":780,"height":747},{"@type":"BreadcrumbList","@id":"https:\/\/meber2026.graphoservice.it\/es\/product\/mbs-01-7270\/#breadcrumb","itemListElement":[{"@type":"ListItem","position":1,"name":"Home","item":"https:\/\/meber2026.graphoservice.it\/es\/"},{"@type":"ListItem","position":2,"name":"MBS-01 7270"}]},{"@type":"WebSite","@id":"https:\/\/meber2026.graphoservice.it\/es\/#website","url":"https:\/\/meber2026.graphoservice.it\/es\/","name":"Me.Ber.","description":"In Case of Emergerncy","potentialAction":[{"@type":"SearchAction","target":{"@type":"EntryPoint","urlTemplate":"https:\/\/meber2026.graphoservice.it\/es\/?s={search_term_string}"},"query-input":{"@type":"PropertyValueSpecification","valueRequired":true,"valueName":"search_term_string"}}],"inLanguage":"es"}]}},"_links":{"self":[{"href":"https:\/\/meber2026.graphoservice.it\/es\/wp-json\/wp\/v2\/product\/19110","targetHints":{"allow":["GET"]}}],"collection":[{"href":"https:\/\/meber2026.graphoservice.it\/es\/wp-json\/wp\/v2\/product"}],"about":[{"href":"https:\/\/meber2026.graphoservice.it\/es\/wp-json\/wp\/v2\/types\/product"}],"author":[{"embeddable":true,"href":"https:\/\/meber2026.graphoservice.it\/es\/wp-json\/wp\/v2\/users\/1"}],"version-history":[{"count":0,"href":"https:\/\/meber2026.graphoservice.it\/es\/wp-json\/wp\/v2\/product\/19110\/revisions"}],"wp:featuredmedia":[{"embeddable":true,"href":"https:\/\/meber2026.graphoservice.it\/es\/wp-json\/wp\/v2\/media\/15758"}],"wp:attachment":[{"href":"https:\/\/meber2026.graphoservice.it\/es\/wp-json\/wp\/v2\/media?parent=19110"}],"wp:term":[{"taxonomy":"application-tag","embeddable":true,"href":"https:\/\/meber2026.graphoservice.it\/es\/wp-json\/wp\/v2\/application-tag?post=19110"}],"curies":[{"name":"wp","href":"https:\/\/api.w.org\/{rel}","templated":true}]}}